{"id":422,"date":"2012-09-05T19:02:34","date_gmt":"2012-09-05T19:02:34","guid":{"rendered":"http:\/\/www.ds-crew.de\/?page_id=422"},"modified":"2016-09-19T14:54:28","modified_gmt":"2016-09-19T14:54:28","slug":"racereport","status":"publish","type":"page","link":"https:\/\/ds-crew.de\/?page_id=422","title":{"rendered":"Racereport"},"content":{"rendered":"<p>&nbsp;<\/p>\n<p>&nbsp;<\/p>\n<p>&nbsp;<\/p>\n<p>&nbsp;<\/p>\n<p>&nbsp;<\/p>\n<p>&nbsp;<\/p>\n<p>&nbsp;<\/p>\n<p>&nbsp;<\/p>\n<p>&nbsp;<\/p>\n<p>&nbsp;<\/p>\n<p>&nbsp;<\/p>\n<p><strong><span style=\"color: #ff6600;\">TrailTrophy Kronplatz 16.9.-18.9.2016<\/span><\/strong><\/p>\n<p>&nbsp;<\/p>\n<p><span style=\"color: #ff6600;\">The last stop of the TrailTrophy at the Kronplatz should also be the last race for the DS-Crew in 2016. Silvio quit his participation due to the bad weather forecast so we got joined by Tobias Steinbach from Rideprogression who we met on Friday morning while riding the Gassl and Herrensteig trail. But this time it came much better than forecasted and so Friday\u00b4s session could held in dry conditions on very dusty ground at local trails around Bruneck. Rain started in the night and it kept raining until the next morning. The organizer of the TT switched the Stages so that we started as planned again on a trail in Bruneck where David tried to imitate Penguins gliding on the whomb into the water,\u00a0 and later on the Gassl trail, left the long Hans for Sunday until it should be dried and instead went down the Herrensteig in 2 sections followed by a CCDuro stage, which the organizer decided to be funny, which it was NOT. David here took a test of the grounds softness, too. Unfortunately Tobias destroyed his rear wheel and deralleur and was not able to finish day 2 and so we had to quit the team rating. Sunday was cloudy but dry and so the planned programm could be done. First the Passo Furcia trail and then down the Herrensteig again, but this time the Hans trail and as 3rd stage the lower part of the Herrensteig and the final roots section. David passed the finishline in 14th of the Open men class and Philip in 30th Master class. As to be mentioned next to the very good choice of trails was the catering over the whole weekend, enough for everyone and really good taste. I guess the Trailtrophy will see us again at the Kronplatz and it\u00b4s well organized and prepared trails and programm!<\/span><\/p>\n<p><span style=\"color: #ff6600;\">cu in 2017!!<br \/>\n<\/span><\/p>\n<p><strong><span style=\"color: #ff6600;\">Trailtrophy Latsch 3.-5.6.2016:<\/span><\/strong><\/p>\n<p>&nbsp;<\/p>\n<p><span style=\"color: #ff6600;\">After it was raining so much in the nice Vinschgau the week before the event took place the normaly dusty trails were quite wet but on Friday still good to ride. (that\u00b4s the result when Philip competes in a race) Friday afternoon was opend with the &#8220;Bierkellertrail&#8221; which served good fun right at the start. Followed by a part of the Trailzauber ridden against the common way to avoid the technical uphills but still a lot flat paddeling sections with a best time in the proclass of 4 minutes. After burning thighs there was a third stage a bit shorter but still very wavy and some unnessecary and very narrow set switchbacks and more soring muscels. After day 1 Philip was on rank 45 and Silvio on 60 in the Mastersclass of good 120 rider. David did quite well and was placed in 47 in the Open Men class. Our friend Felix G\u00f6tzler made it in the top 15 on day one. Again rain set in so the nightride session had to be canceled due to safety reasons. The following day waited with close 900hm to climb after we started in the day\u00b4s first stage down from the castle. Second stage was, what else to expect, again transfering along the slope on a wavy singletrail with short uphills every now and then. Third stage was to be earnd with another climb about 200hm to get in a big switchback massacre, not for everybodys delight! The afternoon session we were shuttled by car up to the Sunny Benny Trail which was divided in 2 stages. The first on the bit more difficult rocky part which finally brought some more fun to the event. 2nd stage was the lower part to the Anaberger B\u00f6den, where Philip thought the splittime was already the finish and took a long break of at least 40 seconds to drink some water and wait for Silvio, wondering why David already went on and took a fullpull down the hill. Silvio passed and made clear that this was not the finishline. This and 3 chainlosses brought Philip back in the 60\u00b4s after day 2. Silvio was around 65th and David 36th. After heavy rainfall started again the event was stopped and the remaining 40 riders had to cancel the last 2 stages of the montesole and a time for those stages was determined for those who could not finish day 2. That brought people who are not so good on fast and rocky trails in a bit of an advantage and the ranking was lightly diced so we lost some places to this, too. Day 3 should be more Downhill from Tarscher Alm but it was still to wet on sunday morning so that the racecommittee canceled stage 1. Stage 2 for sunday was a really nice Downhill of the Roatbrunn Trail. How else could it be the last really trail was again on the Trailzauber with it\u00b4s wavy texture and exhausting uphills some we had to push the bikes with soring lungs. The finish was made by a short improvised slalom on a flat meadow. In the end Silvio was 69th, Philip 62nd in the Mastersclass and David 33rd\u00a0 in the Open Men class. Felix just was held back from the podium by a crash on sunday and ended in 6th. As Team the DeeSasterCrew made a 10th rank after a lot of teams with fully sponsored rider. Not everybody (i think even most competitors) was glad with the choice of trails because Latsch itself offers so many good trails with more flow than forced switchbacks in that high number, but i guess we\u00b4ll be back.<\/span><\/p>\n<p>&nbsp;<\/p>\n<p><span style=\"font-size: medium; color: #ff6600;\"><strong>Enduro Renntermine 2016:<\/strong><\/span><\/p>\n<p>&nbsp;<\/p>\n<h3><span style=\"color: #ff6600;\">Die Termine der TrailTrophy 2016:<\/span><\/h3>\n<ul>\n<li><span style=\"color: #ff6600;\">03. \u2013 05.06.2016 Latsch\/S\u00fcdtirol (ITA)<\/span><\/li>\n<li><span style=\"color: #ff6600;\">18. \/ 19.06.2016 St Andreasberg &amp; Braunlage (D)<\/span><\/li>\n<li><span style=\"color: #ff6600;\">09. \/ 10.07.2016 Breitenbrunn (D)<\/span><\/li>\n<li><span style=\"color: #ff6600;\">29. \u2013 31.07.2016 Flims-Laax (CH)<\/span><\/li>\n<li><span style=\"color: #ff6600;\">16. \u2013 18.09.2016 Kronplatz\/S\u00fcdtirol (ITA)<\/span><\/li>\n<\/ul>\n<p>&nbsp;<\/p>\n<h3><span style=\"color: #ff6600;\">Die Termine EnduroOne 2016:<\/span><\/h3>\n<ul>\n<li><span style=\"color: #ff6600;\">28.\/29. Mai 2016 \u2013 Wipperf\u00fcrth<\/span><\/li>\n<li><span style=\"color: #ff6600;\">2.\/3. Juli 2016 \u2013 Wildsch\u00f6nau (\u00d6sterreich)<\/span><\/li>\n<li><span style=\"color: #ff6600;\">6.\/7. August 2016 \u2013 D\u00fcnsberg<\/span><\/li>\n<li><span style=\"color: #ff6600;\">20.\/21. August 2016 \u2013 Ochsenkopf<\/span><\/li>\n<li><span style=\"color: #ff6600;\">10.\/11. September 2016 \u2013 Bad Endbach<\/span><\/li>\n<\/ul>\n<p><span style=\"font-size: medium; color: #ff6600;\"><strong>Die Termine SSES 2016:<\/strong><\/span><\/p>\n<p><span style=\"color: #ff6600;\">16.\/17. April 2016 Treuchtlingen<\/span><\/p>\n<p><span style=\"color: #ff6600;\">28.\/29. Mai 2016 Willingen<\/span><\/p>\n<p><span style=\"color: #ff6600;\">30.\/31. Juli 2016 Sch\u00f6neck<\/span><\/p>\n<p><span style=\"color: #ff6600;\">17.\/18. September 2016 Leogang\/Saalbach<\/span><\/p>\n<p><span style=\"font-size: medium; color: #ff6600;\"><strong>Die Termine EES 2016:<\/strong><\/span><\/p>\n<p><span style=\"color: #ff6600;\"><strong><span style=\"font-size: small;\">EES # P DOLCEACQUA ENDURO \/ ITA (05. \/ 06.03.2016)<br \/>\nEES # 1 PUNTA ALA ENDURO \/ ITA (23. \/ 24.04.2016)<br \/>\nEES # 2 tba \/ SWE (08. \/ 09.07.2016)<br \/>\nEES # 3 3-L\u00c4NDER ENDURO RACE \/ AUT \/ ITA \/ SUI (23. \/ 24.07.2016)<br \/>\nEES # 4 tba \/ FRA (03. \/ 04.09.2016)<br \/>\nEES # 5 tba \/ ESP (29. \/ 30.10.2016)<\/span><\/strong><\/span><\/p>\n<p>&nbsp;<\/p>\n<p><span style=\"color: #ff6600;\">19.\/29.9.15 SSES Leogang<\/span><\/p>\n<p>&nbsp;<\/p>\n<p><span style=\"color: #ff6600;\">This time Fabian (mere flesh wound caught on the Blindsee Trail) and Philip (broken colarbone on the Bergstadl Trail he thought to have experienced before the SSES stop) had to quit due to some injuries. So this time only Nico, Patrick and David went to represent the DeeSasterCrew at the SSES in Leogang. The Weather this time was a bit better than forecasted with dry conditions on Saturday and some light rain and mist on Sunday. The Stages were composed from tracks of Bikepark Leogang and Saalbach Hinterglemm.Due to repeatedly technical issues of his BOS suspensions David had to bring his Downhill bike for the Enduro Race what should be a big handycap in the first stage, which was a lot of peddaling over a lot of roots and followed in a quite technical single trail.\u00a0 Also Nico had his issues here and teased some trees with his barends.\u00a0 Stages 2 and 3 were on the legendary X-Line of Saalbach where Nico made it to bend his chain. Back in Leogang Stage 4 was the Hangman 1 followed by the Bongo Bongo Trail which was Patrick\u00b4s personal DeeSaster. He had to take the emergency exit of his bike twice. All in all with a 31st place for David, a 40th for Patrick and Nico in 62 the weekend wasn\u00b4t too bad at all. Forthe grand final David took the huge Drop and broke his toe &#8211; well done Mr.Foxovic aka Bosovic! <a href=\"https:\/\/ds-crew.de\/wp-content\/uploads\/2015\/09\/12026568_10153516246302931_2138149612_n.jpg\"><img loading=\"lazy\" decoding=\"async\" class=\"aligncenter size-medium wp-image-603\" title=\"12026568_10153516246302931_2138149612_n\" src=\"https:\/\/ds-crew.de\/wp-content\/uploads\/2015\/09\/12026568_10153516246302931_2138149612_n-300x168.jpg\" alt=\"\" width=\"300\" height=\"168\" srcset=\"https:\/\/ds-crew.de\/wp-content\/uploads\/2015\/09\/12026568_10153516246302931_2138149612_n-300x168.jpg 300w, https:\/\/ds-crew.de\/wp-content\/uploads\/2015\/09\/12026568_10153516246302931_2138149612_n.jpg 960w\" sizes=\"auto, (max-width: 300px) 100vw, 300px\" \/><\/a>\u00a0\u00a0\u00a0\u00a0\u00a0\u00a0\u00a0\u00a0\u00a0\u00a0\u00a0\u00a0\u00a0\u00a0\u00a0\u00a0\u00a0\u00a0\u00a0\u00a0\u00a0\u00a0\u00a0\u00a0\u00a0\u00a0\u00a0\u00a0\u00a0\u00a0\u00a0\u00a0\u00a0\u00a0\u00a0\u00a0\u00a0\u00a0\u00a0\u00a0\u00a0\u00a0\u00a0 We hope to see you all back on your bikes soon and well recovered in 2016!<\/span><\/p>\n<p><span style=\"color: #ff6600;\"><br \/>\n<\/span><\/p>\n<p>&nbsp;<\/p>\n<p><span style=\"color: #ff6600;\">1.\/2.8.15 IXS Rookies Cup Brandtnertal<\/span><\/p>\n<p>&nbsp;<\/p>\n<p><span style=\"color: #ff6600;\">In between all the Enduroraces Basti and David wanted to breath some DH air again. Due to the good weatherforecast they decided to bring only normal tires what, as one can think, might have been a bit risky. And bad luck already brought the first raindrops on their way to Brandtnertal which developed to some seriuos rainshowers during the whole weekend. Basti caught some bad mood after he ended in 16th in seeding and wasn\u00b4t to race in those conditions while David kept his head high and fought those adverse conditions and brought a great 2nd place in seeding and still a very good 4th in the finals in the free men class despite the bad choice of tires! See you all at the SSES in Leogang in September!<br \/>\n<\/span><\/p>\n<p>&nbsp;<\/p>\n<p>&nbsp;<\/p>\n<p><span style=\"color: #ff6600;\">18.\/19.7.15 SSES #4 Samerberg<\/span><\/p>\n<p>&nbsp;<\/p>\n<p><span style=\"color: #ff6600;\">Our Teamriders Patrick, David and Fabian went to\u00a0 Bikepark Samerberg for the 4th round of the SSES 2015. In the heat of this summer there waited 1100hm, 28km and 5 Stages to be solved. Unfortunately the progress forward last year in Organizations and Trails was stepped back with only 2 Stages worth riding for that amount of km and hm! In the end David came in 51st and Patrick 85th. Fabian due to a technical DeeSaster had a DNF. Hopefully Leogang in September will be more fun at all.<\/span><\/p>\n<p>&nbsp;<\/p>\n<p>&nbsp;<\/p>\n<p>&nbsp;<\/p>\n<p>&nbsp;<\/p>\n<p>&nbsp;<\/p>\n<p><span style=\"color: #ff6600;\"> 11.\/12.7.15 TrailTrophy Breitenbrunn<br \/>\n<\/span><\/p>\n<p>&nbsp;<\/p>\n<p><span style=\"color: #ff6600;\">Unser Crewmitglied Silvio ist vergangenes Wochenende zu seinem ersten Rennen, der TrailTrophy in Breitenbrunn im Trailcenter Rabenberg,\u00a0 in der Hobby Masters Klasse an den Start gegangen. Leider verliess ihn gleich in Stage 1 das Gl\u00fcck und er b\u00fcsste sein Schaltwerk ein. Stage 1 konnte er noch fertig rollen aber musste Stage 2 auslassen um ein Erstazschaltwerk zu organisieren, was dann im Ranking ein DNF bedeutete. Die restlichen Stages verliefen dann ohne Druck recht ordentlich und der \u00c4rger wurde durch hervorragendes Wetter, super Atmosph\u00e4re und gute Organisation wett gemacht. Generalprobe versaut wird\u00b4s beim n\u00e4chsten mal bestimmt besser!<\/span><\/p>\n<p><span style=\"color: #ff6600;\">Wir w\u00fcnschen unseren Jungs kommendes Wochenende in Krichberg viel Spass und ein sturzfreies Rennen!<\/span><\/p>\n<p>&nbsp;<\/p>\n<p>&nbsp;<\/p>\n<p>&nbsp;<\/p>\n<p>&nbsp;<\/p>\n<p>&nbsp;<\/p>\n<p><span style=\"color: #ff6600;\">IXS EDC Maribor 2014<\/span><\/p>\n<p><span style=\"color: #ff6600;\">Basti fuhr als einziger Starter der DS-Crew den weiten Weg nach Slowenien um auf der Worldcup erprobten Strecke zu bestehen. Das Wetter war wieder einmal sehr wechselhaft und die Strecke dadurch noch schwieriger als im Trockenen. Das Training verlief f\u00fcr Basti sehr gut doch leider endete der Seeding run kopf vorraus an einem Baum und einem defekten Helm, was einen Start am Sonntag nicht zulies.<\/span><br \/>\n<span style=\"color: #ff6600;\"> Somit muss eben der n\u00e4chste Stop in Schladming gerockt werden.<\/span><\/p>\n<p>&nbsp;<\/p>\n<p>&nbsp;<\/p>\n<p><span style=\"color: #ff6600;\">06.07.2013<\/span><\/p>\n<p><span style=\"color: #ff6600;\">Enduroserie Krichberg,<\/span><\/p>\n<p>&nbsp;<\/p>\n<p><span style=\"color: #ff6600;\">so wie der BVB 09 machte auch die DS-Crew im beschaulichen Kirchberg Stop. Nicht f\u00fcr ein Trainingslager sondern f\u00fcr eine spa\u00dfige, anspruchsvolle Runde der Enduroserie. Am Samstag zogen noch einige kr\u00e4ftige Schauer durch die Alpenrepublik und w\u00e4sserten die teilweise sehr wurzeligen Strecken zur gen\u00fcge, so dass die ein oder andere Linienwahl schon sehr loose aussah.<\/span><\/p>\n<p><span style=\"color: #ff6600;\">Nachdem es in der Nacht zum Sonntag und auch am Tag selbst nicht mehr regnete und sich die Sonne blicken lies trockneten die Strecken sehr gut ab und boten ordentlichen Grip.<\/span><\/p>\n<p><span style=\"color: #ff6600;\">Da jedoch einige Stellen noch sehr baaztig waren, entschied sich die Rennleitung Stage 1 zu canceln, da nicht f\u00fcr gleiche Verh\u00e4ltnisse gesorgt werden konnten. Somit ging es kalt, au\u00dfer ein kleiner Aufw\u00e4rmsatz mit dem OKAMI Sling Trainer, die 1000hm mit der Gondel hoch und ebenso kalt in die 2te Stage. Stage 2 und 3 schienen schier endlos und durch das gro\u00dfe Starterfeld sprach man mehr von Bremskratern, inklusiver dicker Unterarme, als Wellen, so dass einige Linien nicht zu verwirklichen waren und sich der ein oder andere Sturz nicht vermeiden lies.<\/span><\/p>\n<p><span style=\"color: #ff6600;\">Stage 4 f\u00fchrte dann den Lisi Osl Trail hinab, der etwas entspannter und k\u00fcrzer war um dann die einzige Transferetappe bergauf zu bew\u00e4ltigen. Stage 5 hatte dann noch diverse Schl\u00fcsselstellen und Traversen (klingelingeling) zu bieten. Leider lief diese auch nicht ohne etliche St\u00fcrze, so dass sich David Pavlovic auf Rang 68, gefolgt von Patrick B\u00f6ck (82) und Philip Lehmann (97) noch unter die 100 platzieren konnten. Nico Eke und Fabian B\u00f6ck belegten dann die Pl\u00e4tze 126 und 130.<\/span><\/p>\n<p><span style=\"color: #ff6600;\">Dank Dirk August, der das Team Oans um David und Patrick, verst\u00e4rkte gelang hier ein 10ter Rang in der Teamwertung und Team Zwoa kam mit Rang 17 auch noch in den Genuss einiger Punkte.<\/span><\/p>\n<p><span style=\"color: #ff6600;\">Wir danken NiceOne und OKAMI Fightgear f\u00fcr den Support und freuen uns auf die \u00fcbern\u00e4chste Runde in Flims!<\/span><\/p>\n<p><span style=\"color: #ff6600;\">\u00a0Gru\u00df<\/span><\/p>\n<p><span style=\"color: #ff6600;\">\u00a0Philip<\/span><\/p>\n<p>&nbsp;<\/p>\n<p><span style=\"color: #ff6600;\">30.6.2013<\/span><\/p>\n<p><span style=\"color: #ff6600;\">IXS EDC Spicak<\/span><\/p>\n<p><span style=\"color: #ff6600;\">Leider f\u00e4llt der Bericht sehr kurz aus. (SE)Basti(an) hat sich beim Training am Samstag lang gemacht und is ne etwas h\u00f6here Stufe \u00fcbern Lenker gegangen, was eine Kahnbeinfraktur und eine OP zur Folge hat! Das beduetet wohl leider ein paar Wochen Pause f\u00fcr unsren Langen!<\/span><\/p>\n<p><span style=\"color: #ff6600;\">Auf diesem Wege Gute Besserung!!<\/span><\/p>\n<p>&nbsp;<\/p>\n<p><span style=\"color: #ff6600;\">23.06.2013<\/span><\/p>\n<p><span style=\"color: #ff6600;\">\u00a0IXS EDC Leogang<\/span><\/p>\n<div lang=\"x-western\">\n<div dir=\"ltr\">\n<div>\n<div><span style=\"color: #ff6600;\">Zum Auftakt des European Downhill Cup 2013 ging es an den Asitz in Leogang.<\/span><\/div>\n<\/div>\n<div><span style=\"color: #ff6600;\">Nachdem am Freitag alle Formalit\u00e4ten, wie Startnummer und Stellplatz gekl\u00e4rt waren, ging es endlich los mit dem Rennwochenende. Wie immer stand zu erst die Streckenbesichtigung auf dem Programm. Im Vergleich zum Letzten Jahr blieb die Strecke nahezu unver\u00e4ndert, schnell, hart, gro\u00dfe Spr\u00fcnge und nicht besonders technisch. Das Wetter spielte bis Samstag mittag super mit doch leider, als das Training offiziell beendet war, zeigte sich wieder das launische Juniwetter. Als die Seedingrun\u00b4s in vollem Gange waren fing es an zu sch\u00fctten wie aus K\u00fcbeln, was der Strecke zwar zugute kam, die Fahrer allerdings eher unvorbereitet traf. Nach einem lockeren Run stand allerdings nur eine entt\u00e4uschende 4:15.098 auf der Uhr. Um das Ergebnis vom Samstag wett zu machen ging ich am Sonntag als Erster auf die Strecke, \u00e4nderte noch ein paar Linien und versuchte in insgesamt sieben Run\u00b4s die best m\u00f6gliche Vorbereitung f\u00fcr den Racerun zu bekommen. Der Rennlauf verlief bis auf einen minimalen Fehler gut und die Zeit von 3:55.324 war schon eher zufriedenstellend. <\/span><\/div>\n<div><span style=\"color: #ff6600;\">Am n\u00e4chsten Wochenende geht es in die Tschechische Republik und auf eine komplett gegens\u00e4tzliche Strecke, welche mir besser liegen d\u00fcrfte und hoffentlich <\/span><br \/>\n<span style=\"color: #ff6600;\"> zu einer st\u00e4rkeren Gesamtplatzierung verhelfen wird. <\/span><\/div>\n<p><span style=\"color: #ff6600;\">Bis dahin, ride on! Basti.<\/span><\/p>\n<p>&nbsp;<\/p>\n<\/div>\n<\/div>\n<p><span style=\"color: #ff6600;\">16.09.2012<\/span><br \/>\n<span style=\"color: #ff6600;\"> Bayerische DH Meisterschaft Osternohe 2012<\/span><\/p>\n<p><span style=\"color: #ff6600;\">Kurzer Racereport zum Bayerischen Dh Meisterschaft 2012 in Osternohe!<br \/>\nTja sie stand zum 4ten mal an, die Boarische mit viel Klasse aus dem &#8220;Ausland&#8221; \ud83d\ude09<br \/>\nDie Strecke war neu designed und bereitete wirklich allen Fahrern im Feld Schwierigkeiten. Steil aus dem Start auf ein paar Wurzeln durch einen gefahrenen Anlieger und dann offen h\u00e4ngend \u00fcber Wurzeln und dann galt es, den einen Stein nicht zu treffen um etwas Zug mit in den kleinen Anstieg zu nehmen.<br \/>\nDanach folgte Spass pur mit kleiner Doppeldrop Kombi, raus auf 4 Wiesenkurven mit kleinem Drop, \u00fcber eine Welle in den Wald den Holzdrop, offen Rechtskurve&#8230;<br \/>\nTja ich plazierte mich auf Platz 8 mit 1,51, da ich die Wiesenkurven vor dem Drop und am Drop noch den schweren Abgang von einem der Zimbors im Kopf hatte. Danach traf ich meine Linie auch wenn ich mich zu weit aus dem gro\u00dfen Gapjump rausschoss und die anschlie\u00dfende offen Rechtskurve (ihr wisst ja wie ich diese offenen Kurven liebe) mit zu wenig Zug auf den n\u00e4chsten Sprung nehmen konnte.<\/span><\/p>\n<p><span style=\"color: #ff6600;\">Alles in allem war es, auch dank dem tollen Wetter und der guten Orga (Danke an Familie Wiersch und den Rest der Verantwortlichen!), &#8221; eine rundum gelungene Aktion&#8221;<\/span><\/p>\n<p><span style=\"color: #ff6600;\">Bis n\u00e4chstes Jahr!!<\/span><\/p>\n<p><span style=\"color: #ff6600;\">Philip<\/span><\/p>\n<p>&nbsp;<\/p>\n<p>&nbsp;<\/p>\n<p><span style=\"color: #ff6600;\">22.07.2012<\/span><\/p>\n<p><span style=\"color: #ff6600;\">GDC Bad Wildbad<\/span><\/p>\n<p><span style=\"color: #ff6600;\">Sebastian Fuchs hat sich am Wochenende in Bad Wildbad nach Platz 104 im Seeding Run und R\u00fcckstand von 1:19 Min im Finale auf Platz 88, R\u00fcckstand 46,46 Sek. vorgearbeitet!<\/span><br \/>\n<span style=\"color: #ff6600;\"> Congratulations!<\/span><\/p>\n<p>&nbsp;<\/p>\n<p><span style=\"color: #ff6600;\">27.05.2012<\/span><\/p>\n<p><span style=\"color: #ff6600;\">Europacup auf Worldcup Niveau<\/span><\/p>\n<p><span style=\"color: #ff6600;\">Am Pfingstwochenende fand traditionell, dieses Jahr sogar bei bestem Wetter, im Rahmen des Out of Bounds Weekend auch der IXS European Downhill Cup in Leogang statt. Das Starterfeld war gespickt mit zahlreichen namhaften Fahrer aus dem World Cup die das Rennen nutzten, um auf der neu gestalteten Strecke, f\u00fcr die kommende WM unter Wettkampfbedingungen zu trainieren. Unter den \u00fcber 300 Fahrern reihten sich auch Sebastian Fuchs und Tobias Haubl aus der DS-Crew (Germering\/Gilching) ein. Leider st\u00fcrzte Tobias Haubl bereits am Freitag in seinem ersten Trainigslauf so schwer, dass er die Heimreise antreten musste. Auf diesem Wege die besten Genesungsw\u00fcnsche!<\/span><\/p>\n<p><span style=\"color: #ff6600;\">Sebastian Fuchs hingegen erwischte ein gutes Wochenende, nachdem es am Monte Tamaro nicht so recht gelingen wollte. Fuchs ben\u00f6tigte im Rennlauf 4,11 Minuten auf der 2,4 km langen Strecke die 480 H\u00f6henmeter hinab. Dies bedeutete eine Steigerung von knapp 15 Sekunden zum Trainingslauf, was sich f\u00fcr das zweite Rennen der Saison auf dieser physisch anspruchsvollen Strecke durchaus sehen lassen kann.<\/span><\/p>\n<p>&nbsp;<\/p>\n<p><span style=\"color: #ff6600;\">29.04.2012<\/span><\/p>\n<p><span style=\"color: #ff6600;\">Startschuss f\u00fcr die DS-Crew,<\/span><\/p>\n<p><span style=\"color: #ff6600;\">am letzten Aprilwochenende fiel der Startschuss f\u00fcr die IXS Downhillrennserie am Monte Tamaro (CH) und sogleich f\u00fcr die DS-Crew Teamfahrer Sebastian Fuchs (Elite Men) und Tobias Haubl (U17). F\u00fcr die beiden Gilchinger, die bisher mit sehr wenig Rennerfahrung ausgestattet sind, stand gleich eine der schwersten Strecken, sowohl technisch als auch physisch, im Rennkalender zur Aufgabe. Bei guten Bedingungen stand am Freitag die Streckenbegehung so wie das erste Training auf dem Programm. Samstag fr\u00fch gab es noch mal Zeit f\u00fcr ein kruzes Training, bevor dann der Qualifikationslauf zu bew\u00e4ltigen war. In Anbetracht, dass bei den European Cup Rennen nur mehr mit Lizenz gefahren werden darf, waren Platz 20 f\u00fcr Tobias Haubl bei den Junioren und Platz 196 f\u00fcr Sebastian Fuchs in der gr\u00f6\u00dften Klasse der Lizenz Herren passable Ergebnisse.<\/span><\/p>\n<p><span style=\"color: #ff6600;\">Das eigentliche Rennen, dass am Sonntag abgehalten werden sollte viel jedoch dem Wetter zum Opfer, da die Verantwortlichen wohl aus der letzten Saison, mit den vielen Verletzten am Monte Tamaro gelernt haben. Wir sind gespannt, was unser Team bei den anstehende Aufgaben noch zeigen kann und welche Erfahrungen sie unter den ganzen Profesionellen Downhillern und World Cup Fahrern f\u00fcr sich gewonnen haben.<\/span><\/p>\n<p><span style=\"color: #ff6600;\">2011<\/span><\/p>\n<p data-ft=\"{&quot;type&quot;:1}\"><span style=\"color: #ff6600;\">Ein hervorragender <strong>19ter<\/strong> Platz von 41 f\u00fcr <strong>Tobias Haubl<\/strong> beim <strong>IXS Rookies Cup<\/strong> in der Altersklasse Youth am Ochsenkopf. Leider konnte er die Chance, sich noch im 2ten Run zu verbessern, nicht nutzen.<\/span><br \/>\n<span style=\"color: #ff6600;\"> <strong>David Pavlovic<\/strong> platzierte sich als <strong>51ter<\/strong> von 110 Teilnehmern in der stark besetzten Kategorie Men. Seine Zeit aus dem ersten Lauf war auch die Bessere.<\/span><br \/>\n<span style=\"color: #ff6600;\"> Hochachtung vor allen Startern die sich bei diesen widrigen Bedingungen der Herausforderung stellten!<\/span><\/p>\n<p>&nbsp;<\/p>\n<p><span style=\"color: #ff00ff;\"><br \/>\n<\/span><\/p>\n","protected":false},"excerpt":{"rendered":"<p>&nbsp; &nbsp; &nbsp; &nbsp; &nbsp; &nbsp; &nbsp; &nbsp; &nbsp; &nbsp; &nbsp; TrailTrophy Kronplatz 16.9.-18.9.2016 &nbsp; The last stop of the TrailTrophy at the Kronplatz should also be the last race for the DS-Crew in 2016. Silvio quit his participation due to the bad weather forecast so we got joined by Tobias Steinbach from Rideprogression who [&hellip;]<\/p>\n","protected":false},"author":1,"featured_media":0,"parent":0,"menu_order":0,"comment_status":"open","ping_status":"open","template":"","meta":{"footnotes":""},"class_list":["post-422","page","type-page","status-publish","hentry"],"_links":{"self":[{"href":"https:\/\/ds-crew.de\/index.php?rest_route=\/wp\/v2\/pages\/422","targetHints":{"allow":["GET"]}}],"collection":[{"href":"https:\/\/ds-crew.de\/index.php?rest_route=\/wp\/v2\/pages"}],"about":[{"href":"https:\/\/ds-crew.de\/index.php?rest_route=\/wp\/v2\/types\/page"}],"author":[{"embeddable":true,"href":"https:\/\/ds-crew.de\/index.php?rest_route=\/wp\/v2\/users\/1"}],"replies":[{"embeddable":true,"href":"https:\/\/ds-crew.de\/index.php?rest_route=%2Fwp%2Fv2%2Fcomments&post=422"}],"version-history":[{"count":42,"href":"https:\/\/ds-crew.de\/index.php?rest_route=\/wp\/v2\/pages\/422\/revisions"}],"predecessor-version":[{"id":443,"href":"https:\/\/ds-crew.de\/index.php?rest_route=\/wp\/v2\/pages\/422\/revisions\/443"}],"wp:attachment":[{"href":"https:\/\/ds-crew.de\/index.php?rest_route=%2Fwp%2Fv2%2Fmedia&parent=422"}],"curies":[{"name":"wp","href":"https:\/\/api.w.org\/{rel}","templated":true}]}}